{"id":136,"date":"2021-05-14T14:21:52","date_gmt":"2021-05-14T12:21:52","guid":{"rendered":"https:\/\/ecoembes.com\/landing\/informe-anual-2021\/?page_id=136"},"modified":"2022-06-27T16:39:19","modified_gmt":"2022-06-27T14:39:19","slug":"nuestro-reto-la-circularidad","status":"publish","type":"page","link":"https:\/\/ecoembes.com\/landing\/informe-anual-2021\/transformacion-circular\/nuestro-reto-la-circularidad\/","title":{"rendered":"Nuestro reto: la circularidad"},"content":{"rendered":"<p>[vc_row css_animation=\"\" row_type=\"row\" use_row_as_full_screen_section=\"no\" type=\"full_width\" angled_section=\"no\" text_align=\"center\" background_image_as_pattern=\"without_pattern\" z_index=\"\"][vc_column]\n\t\t\t<!-- START Modelo Circular 1 REVOLUTION SLIDER 6.5.23 --><p class=\"rs-p-wp-fix\"><\/p>\n\t\t\t<rs-module-wrap id=\"rev_slider_4_1_wrapper\" data-source=\"gallery\" style=\"visibility:hidden;background:transparent;padding:0;\">\n\t\t\t\t<rs-module id=\"rev_slider_4_1\" style=\"\" data-version=\"6.5.23\">\n\t\t\t\t\t<rs-slides>\n\t\t\t\t\t\t<rs-slide style=\"position: absolute;\" data-key=\"rs-4\" data-title=\"Slide\" data-in=\"o:0;\" data-out=\"a:false;\">\n\t\t\t\t\t\t\t<img src=\"\/\/ecoembes.com\/landing\/informe-anual-2021\/wp-content\/plugins\/revslider\/public\/assets\/assets\/dummy.png\" alt=\"Slide\" title=\"Nuestro reto: la circularidad\" class=\"rev-slidebg tp-rs-img rs-lazyload\" data-lazyload=\"\/\/ecoembes.com\/landing\/informe-anual-2021\/wp-content\/plugins\/revslider\/public\/assets\/assets\/transparent.png\" data-bg=\"c:#eaf8fc;\" data-no-retina>\n<!--\n\t\t\t\t\t\t\t--><rs-group\n\t\t\t\t\t\t\t\tid=\"slider-4-slide-4-layer-0\" \n\t\t\t\t\t\t\t\tclass=\"circulos-hero\"\n\t\t\t\t\t\t\t\tdata-type=\"group\"\n\t\t\t\t\t\t\t\tdata-rsp_ch=\"on\"\n\t\t\t\t\t\t\t\tdata-xy=\"x:c;y:m;yo:0,0,30px,40px;\"\n\t\t\t\t\t\t\t\tdata-text=\"w:normal;s:20,17,10,6;l:0,22,13,8;\"\n\t\t\t\t\t\t\t\tdata-dim=\"w:100%,75%,75%,90%;h:100%;\"\n\t\t\t\t\t\t\t\tdata-basealign=\"slide\"\n\t\t\t\t\t\t\t\tdata-frame_0=\"o:1;\"\n\t\t\t\t\t\t\t\tdata-frame_999=\"o:0;st:w;sR:8700;sA:9000;\"\n\t\t\t\t\t\t\t\tstyle=\"z-index:10;\"\n\t\t\t\t\t\t\t><!--\n\t\t\t\t\t\t\t\t--><rs-layer\n\t\t\t\t\t\t\t\t\tid=\"circle-2\" \n\t\t\t\t\t\t\t\t\tdata-type=\"image\"\n\t\t\t\t\t\t\t\t\tdata-rsp_ch=\"on\"\n\t\t\t\t\t\t\t\t\tdata-xy=\"x:c;y:m;\"\n\t\t\t\t\t\t\t\t\tdata-text=\"w:normal;s:20,17,10,6;l:0,22,13,8;\"\n\t\t\t\t\t\t\t\t\tdata-dim=\"w:56%,72%,79%,83%;\"\n\t\t\t\t\t\t\t\t\tdata-basealign=\"slide\"\n\t\t\t\t\t\t\t\t\tdata-frame_1=\"rZ:-180deg;e:power3.out;st:300;sp:2500;sR:300;\"\n\t\t\t\t\t\t\t\t\tdata-frame_999=\"o:0;st:w;sR:6200;\"\n\t\t\t\t\t\t\t\t\tstyle=\"z-index:9;\"\n\t\t\t\t\t\t\t\t><img src=\"\/\/ecoembes.com\/landing\/informe-anual-2021\/wp-content\/plugins\/revslider\/public\/assets\/assets\/dummy.png\" alt=\"\" class=\"tp-rs-img rs-lazyload\" data-lazyload=\"\/\/ecoembes.com\/landing\/informe-anual-2021\/wp-content\/uploads\/2022\/05\/circulo-modelo-circular-2.svg\" data-no-retina> \n\t\t\t\t\t\t\t\t<\/rs-layer><!--\n\n\t\t\t\t\t\t\t\t--><rs-layer\n\t\t\t\t\t\t\t\t\tid=\"circle-3\" \n\t\t\t\t\t\t\t\t\tdata-type=\"image\"\n\t\t\t\t\t\t\t\t\tdata-rsp_ch=\"on\"\n\t\t\t\t\t\t\t\t\tdata-xy=\"x:c;y:m;\"\n\t\t\t\t\t\t\t\t\tdata-text=\"w:normal;s:20,17,10,6;l:0,22,13,8;\"\n\t\t\t\t\t\t\t\t\tdata-dim=\"w:68%,87%,96%,100%;\"\n\t\t\t\t\t\t\t\t\tdata-basealign=\"slide\"\n\t\t\t\t\t\t\t\t\tdata-frame_1=\"rZ:180deg;e:power3.out;st:300;sp:3000;sR:300;\"\n\t\t\t\t\t\t\t\t\tdata-frame_999=\"o:0;st:w;sR:5700;\"\n\t\t\t\t\t\t\t\t\tstyle=\"z-index:8;\"\n\t\t\t\t\t\t\t\t><img src=\"\/\/ecoembes.com\/landing\/informe-anual-2021\/wp-content\/plugins\/revslider\/public\/assets\/assets\/dummy.png\" alt=\"\" class=\"tp-rs-img rs-lazyload\" data-lazyload=\"\/\/ecoembes.com\/landing\/informe-anual-2021\/wp-content\/uploads\/2022\/05\/circulo-modelo-circular-3.svg\" data-no-retina> \n\t\t\t\t\t\t\t\t<\/rs-layer><!--\n\t\t\t\t\t\t\t--><\/rs-group><!--\n\n\t\t\t\t\t\t\t--><rs-group\n\t\t\t\t\t\t\t\tid=\"slider-4-slide-4-layer-7\" \n\t\t\t\t\t\t\t\tclass=\"slide-hero-title\"\n\t\t\t\t\t\t\t\tdata-type=\"group\"\n\t\t\t\t\t\t\t\tdata-rsp_ch=\"on\"\n\t\t\t\t\t\t\t\tdata-xy=\"x:c;yo:0,0,15px,0;\"\n\t\t\t\t\t\t\t\tdata-text=\"w:normal;s:20,17,10,6;l:0,22,13,8;\"\n\t\t\t\t\t\t\t\tdata-dim=\"w:95%,95%,100%,90%;h:210px,23%,210px,210px;\"\n\t\t\t\t\t\t\t\tdata-basealign=\"slide\"\n\t\t\t\t\t\t\t\tdata-frame_0=\"o:1;\"\n\t\t\t\t\t\t\t\tdata-frame_999=\"o:0;st:w;sR:8700;sA:9000;\"\n\t\t\t\t\t\t\t\tstyle=\"z-index:14;\"\n\t\t\t\t\t\t\t><!--\n\t\t\t\t\t\t\t\t--><rs-layer\n\t\t\t\t\t\t\t\t\tid=\"slider-4-slide-4-layer-5\" \n\t\t\t\t\t\t\t\t\tdata-type=\"image\"\n\t\t\t\t\t\t\t\t\tdata-rsp_ch=\"on\"\n\t\t\t\t\t\t\t\t\tdata-xy=\"x:c;\"\n\t\t\t\t\t\t\t\t\tdata-text=\"w:normal;s:20,17,10,6;l:0,22,13,8;\"\n\t\t\t\t\t\t\t\t\tdata-dim=\"w:85px,85px,70px,70px;h:40px,40px,33px,33px;\"\n\t\t\t\t\t\t\t\t\tdata-frame_0=\"y:50,44,26,16;\"\n\t\t\t\t\t\t\t\t\tdata-frame_1=\"e:power3.out;sp:1000;\"\n\t\t\t\t\t\t\t\t\tdata-frame_999=\"o:0;st:w;sR:8000;\"\n\t\t\t\t\t\t\t\t\tstyle=\"z-index:13;\"\n\t\t\t\t\t\t\t\t><img src=\"\/\/ecoembes.com\/landing\/informe-anual-2021\/wp-content\/plugins\/revslider\/public\/assets\/assets\/dummy.png\" alt=\"\" class=\"tp-rs-img rs-lazyload\" data-lazyload=\"\/\/ecoembes.com\/landing\/informe-anual-2021\/wp-content\/uploads\/2022\/05\/simbolo-azul-claro.svg\" data-no-retina> \n\t\t\t\t\t\t\t\t<\/rs-layer><!--\n\n\t\t\t\t\t\t\t\t--><rs-layer\n\t\t\t\t\t\t\t\t\tid=\"slider-4-slide-4-layer-6\" \n\t\t\t\t\t\t\t\t\tclass=\"titulo-home\"\n\t\t\t\t\t\t\t\t\tdata-type=\"text\"\n\t\t\t\t\t\t\t\t\tdata-color=\"#36b8e0\"\n\t\t\t\t\t\t\t\t\tdata-rsp_ch=\"on\"\n\t\t\t\t\t\t\t\t\tdata-xy=\"x:c;yo:70px,60px,55px,55px;\"\n\t\t\t\t\t\t\t\t\tdata-text=\"w:normal;s:42,36,32,30;l:52,46,42,40;a:center;\"\n\t\t\t\t\t\t\t\t\tdata-dim=\"w:100%,95%,95%,100%;\"\n\t\t\t\t\t\t\t\t\tdata-frame_0=\"y:50,44,26,16;\"\n\t\t\t\t\t\t\t\t\tdata-frame_1=\"e:power3.out;st:200;sp:1000;sR:200;\"\n\t\t\t\t\t\t\t\t\tdata-frame_999=\"o:0;st:w;sR:7800;\"\n\t\t\t\t\t\t\t\t\tstyle=\"z-index:12;font-family:'Roboto';\"\n\t\t\t\t\t\t\t\t><span>Transformaci\u00f3n circular<\/span> <br \/>\nNuestro reto: la circularidad \n\t\t\t\t\t\t\t\t<\/rs-layer><!--\n\n\t\t\t\t\t\t\t\t--><rs-layer\n\t\t\t\t\t\t\t\t\tid=\"slider-4-slide-4-layer-9\" \n\t\t\t\t\t\t\t\t\tclass=\"ods-home\"\n\t\t\t\t\t\t\t\t\tdata-type=\"text\"\n\t\t\t\t\t\t\t\t\tdata-color=\"#36b8e0\"\n\t\t\t\t\t\t\t\t\tdata-rsp_ch=\"on\"\n\t\t\t\t\t\t\t\t\tdata-xy=\"x:c;y:b;\"\n\t\t\t\t\t\t\t\t\tdata-text=\"w:normal;s:14;l:16;a:center;\"\n\t\t\t\t\t\t\t\t\tdata-frame_0=\"y:50,44,26,16;\"\n\t\t\t\t\t\t\t\t\tdata-frame_1=\"e:power3.out;st:300;sp:1000;\"\n\t\t\t\t\t\t\t\t\tdata-frame_999=\"o:0;st:w;\"\n\t\t\t\t\t\t\t\t\tstyle=\"z-index:11;font-family:'Roboto';\"\n\t\t\t\t\t\t\t\t><strong>ODS 12&nbsp;&nbsp;&nbsp;&nbsp;ODS 17<\/strong> \n\t\t\t\t\t\t\t\t<\/rs-layer><!--\n\t\t\t\t\t\t\t--><\/rs-group><!--\n-->\t\t\t\t\t\t<\/rs-slide>\n\t\t\t\t\t<\/rs-slides>\n\t\t\t\t<\/rs-module>\n\t\t\t\t<script>\n\t\t\t\t\tsetREVStartSize({c: 'rev_slider_4_1',rl:[1440,1281,778,480],el:[900,800,960,720],gw:[1440,1280,778,480],gh:[900,800,960,720],type:'hero',justify:'',layout:'fullscreen',offsetContainer:'',offset:'',mh:\"0\"});if (window.RS_MODULES!==undefined && window.RS_MODULES.modules!==undefined && window.RS_MODULES.modules[\"revslider41\"]!==undefined) {window.RS_MODULES.modules[\"revslider41\"].once = false;window.revapi4 = undefined;if (window.RS_MODULES.checkMinimal!==undefined) window.RS_MODULES.checkMinimal()}\n\t\t\t\t<\/script>\n\t\t\t<\/rs-module-wrap>\n\t\t\t<!-- END REVOLUTION SLIDER -->\n[\/vc_column][\/vc_row][vc_row css_animation=\"\" row_type=\"row\" use_row_as_full_screen_section=\"no\" type=\"grid\" angled_section=\"no\" text_align=\"center\" background_image_as_pattern=\"without_pattern\" z_index=\"\" el_class=\"intro-seccion\"][vc_column width=\"1\/6\"][\/vc_column][vc_column css_animation=\"bottom-to-top\" width=\"2\/3\"][vc_column_text]<\/p>\n<h1>Futuro<\/h1>\n<p>[\/vc_column_text][vc_column_text]<\/p>\n<h3><b>Un esfuerzo com\u00fan por el planeta<\/b><\/h3>\n<p>[\/vc_column_text][vc_column_text]<\/p>\n<h5>Nos encontramos en un momento trascendental para el futuro del planeta. Los cambios, tanto sociales como econ\u00f3micos, tecnol\u00f3gicos y medioambientales, son profundos y se suceden a una velocidad vertiginosa. Cambios que demandan un gran esfuerzo colectivo y alineado en una misma direcci\u00f3n: la sostenibilidad.<\/h5>\n<p>[\/vc_column_text][\/vc_column][vc_column width=\"1\/6\"][\/vc_column][\/vc_row][vc_row css_animation=\"\" row_type=\"row\" use_row_as_full_screen_section=\"no\" type=\"grid\" angled_section=\"no\" text_align=\"left\" background_image_as_pattern=\"without_pattern\" z_index=\"\" el_class=\"texto-una-columna\" el_id=\"2021-cambios\"][vc_column][vc_column_text]En Ecoembes estamos convencidos de la necesidad y la oportunidad de sumar fuerzas en esta misi\u00f3n compartida. Nuestro compromiso con la circularidad se ve reflejado en todas nuestras actuaciones y est\u00e1 plasmado en nuestro prop\u00f3sito como organizaci\u00f3n.<\/p>\n<p>&nbsp;<\/p>\n<blockquote><p>Nuestro prop\u00f3sito: contribuir a la sostenibilidad ambiental desde la circularidad de los envases<\/p><\/blockquote>\n<p>&nbsp;<\/p>\n<h4>2021, a\u00f1o de cambios<\/h4>\n<h6><a href=\"https:\/\/ecoembes.com\/landing\/informe-anual-2021\/indice-de-contenidos-gri\/#gri-102-50\" target=\"_blank\" rel=\"noopener\"><span style=\"color: #469730;\">GRI 102-50<\/span><\/a><\/h6>\n<p>&nbsp;<\/p>\n<blockquote><p>Dos grandes novedades legislativas que afectan a los envases han cobrado forma durante este a\u00f1o<\/p><\/blockquote>\n<p>&nbsp;<\/p>\n<p>2021 ha sido un a\u00f1o importante. Un periodo de transici\u00f3n a muchos niveles que ha servido de puente entre la excepcionalidad del confinamiento de 2020 y un 2022 en el que se producir\u00e1n numerosas novedades en el contexto de los envases. Muchos de esos cambios, que son normativos, tecnol\u00f3gicos y culturales, ver\u00e1n la luz a lo largo del nuevo a\u00f1o, pero se han ido gestado a lo largo del pasado. En Ecoembes no solo nos hemos preparado para su llegada, sino que los hemos impulsado.<\/p>\n<p>&nbsp;<\/p>\n<p>Dos grandes novedades legislativas se han gestado durante 2021:<\/p>\n<p>&nbsp;<\/p>\n<ul>\n<li style=\"font-weight: 400;\" aria-level=\"1\"><b>Ley<\/b><strong>\u00a07\/<\/strong><b>2022<\/b><span style=\"font-weight: 400;\">, de 8 de abril, de\u00a0<\/span><b>residuos y suelos contaminados<\/b><span style=\"font-weight: 400;\"> para una econom\u00eda circular.<\/span><\/li>\n<li style=\"font-weight: 400;\" aria-level=\"1\"><span style=\"font-weight: 400;\">Proyecto de Real Decreto de Envases y Residuos de Envases (actualmente en la \u00faltima fase de su tramitaci\u00f3n parlamentaria).<\/span><\/li>\n<\/ul>\n<p>&nbsp;<\/p>\n<p>Adem\u00e1s, en este a\u00f1o tambi\u00e9n se ha acelerado el proceso de revisi\u00f3n de la Directiva Marco de Residuos, que incluir\u00e1 posibles ajustes de los requisitos de la responsabilidad ampliada del productor (RAP), entre otras medidas destinadas a reducir la generaci\u00f3n de residuos, en particular mediante la reutilizaci\u00f3n de productos o componentes, y a potenciar la recogida separada.<\/p>\n<p>&nbsp;<\/p>\n<blockquote><p>25 a\u00f1os canalizando el cambio<\/p><\/blockquote>\n<p>&nbsp;<\/p>\n<p>En 2021, Ecoembes ha celebrado el 25 aniversario de su constituci\u00f3n como entidad.<\/p>\n<p>&nbsp;<\/p>\n<p>Nuestro nacimiento fue la respuesta que desde las empresas envasadoras se daba a la necesidad de cumplir con la normativa vigente en aquel momento en materia de embalaje. Unos requerimientos que ven\u00edan marcados por la Directiva 94\/62\/CE y la Ley 11\/97 de Envases, normas que obligaban a los fabricantes a responsabilizarse de los residuos de los envases que pon\u00edan en el mercado.<\/p>\n<p>&nbsp;<\/p>\n<p>Hoy, Ecoembes es un agente imprescindible en la cadena de valor del envase, un elemento que ejerce como impulsor y engranaje de todo el sistema. Canalizamos voluntades e integramos intereses para ayudar a todos los agentes implicados a trabajar por la consecuci\u00f3n de un objetivo compartido: construir juntos un modelo de reciclaje de residuos de envases circular y sostenible.<\/p>\n<p>&nbsp;<\/p>\n<h4>Los ODS en el horizonte<\/h4>\n<p>&nbsp;<\/p>\n<p><span style=\"font-weight: 400;\">La Agenda 2030 y sus Objetivos de Desarrollo Sostenible (ODS) son el marco que gu\u00edan todas nuestras actuaciones. Nuestro objetivo es contribuir a reducir el impacto ambiental de los residuos de envases a trav\u00e9s de un sistema de corresponsabilidad basado en el concepto de la <\/span><a href=\"https:\/\/www.ecoembestransparencia.com\/ecoembes-responde\/glosario\/#Responsabilidad--Ampliada--del--Productor--(RAP)\" target=\"_blank\" rel=\"noopener\"><span style=\"font-weight: 400;\">Responsabilidad Ampliada del Productor<\/span><\/a><span style=\"font-weight: 400;\">.<\/span><\/p>\n<p>&nbsp;<\/p>\n<h4>Ecoembes hoy<\/h4>\n<h6><span style=\"color: #469730;\">GRI <a href=\"https:\/\/ecoembes.com\/landing\/informe-anual-2021\/indice-de-contenidos-gri\/#gri-102-2\" target=\"_blank\" rel=\"noopener\">102-2<\/a>, <a href=\"https:\/\/ecoembes.com\/landing\/informe-anual-2021\/indice-de-contenidos-gri\/#gri-102-4\" target=\"_blank\" rel=\"noopener\">102-4<\/a>, <a href=\"https:\/\/ecoembes.com\/landing\/informe-anual-2021\/indice-de-contenidos-gri\/#gri-102-6\" target=\"_blank\" rel=\"noopener\">102-6<\/a>, <a href=\"https:\/\/ecoembes.com\/landing\/informe-anual-2021\/indice-de-contenidos-gri\/#gri-102-7\" target=\"_blank\" rel=\"noopener\">102-7<\/a><\/span><\/h6>\n<p>&nbsp;<\/p>\n<p>Ecoembes es una organizaci\u00f3n sin \u00e1nimo de lucro que gestiona el reciclaje de los residuos de envases dom\u00e9sticos. Opera en todo el territorio nacional, tiene su sede central en la ciudad de Madrid y durante 2021 alcanz\u00f3 el n\u00famero de 142 empleados.<\/p>\n<p>&nbsp;<\/p>\n<p>Entre 2021 y 2023 nos hemos marcado una serie de objetivos estrat\u00e9gicos en materia de sostenibilidad y hacemos un balance satisfactorio <span style=\"color: #000000;\">del primer<\/span> ejercicio del plan, 2021. Destaca la cifra de 1.570.513 toneladas de residuos de envases dom\u00e9sticos entregados a instalaciones recicladoras homologadas, que supone un 82,8% de los envases que las empresas que forman parte de Ecoembes declararon haber puesto en el mercado, superando los objetivos de la Directiva UE de envases.[\/vc_column_text][\/vc_column][\/vc_row][vc_row css_animation=\"\" row_type=\"row\" use_row_as_full_screen_section=\"no\" type=\"grid\" angled_section=\"no\" text_align=\"left\" background_image_as_pattern=\"without_pattern\" z_index=\"\"][vc_column css_animation=\"bottom-to-top\"][vc_single_image image=\"1955\" img_size=\"full\" qode_css_animation=\"\"][\/vc_column][\/vc_row][vc_row css_animation=\"\" row_type=\"row\" use_row_as_full_screen_section=\"no\" type=\"grid\" angled_section=\"no\" text_align=\"center\" background_image_as_pattern=\"without_pattern\" z_index=\"\" el_class=\"intro-seccion\"][vc_column width=\"1\/6\"][\/vc_column][vc_column css_animation=\"bottom-to-top\" width=\"2\/3\"][vc_column_text]<\/p>\n<h1><b>Sumamos<\/b><\/h1>\n<p>[\/vc_column_text][vc_column_text]<\/p>\n<h3><b>Valor compartido<\/b><\/h3>\n<p>&nbsp;<\/p>\n<h6><a href=\"https:\/\/ecoembes.com\/landing\/informe-anual-2021\/indice-de-contenidos-gri\/#gri-203-2\" target=\"_blank\" rel=\"noopener\"><span style=\"color: #469730;\">GRI 203-2<\/span><\/a><\/h6>\n<p>[\/vc_column_text][vc_column_text]<\/p>\n<h5>Queremos crear valor ambiental, social y econ\u00f3mico para nuestro entorno, desde el reciclaje y la circularidad de los envases. Para lograrlo, establecemos sinergias y generamos conexiones multidireccionales con empresas, Administraciones P\u00fablicas, sociedad civil y ciudadanos. Junto con ellos colaboramos en la puesta en marcha de proyectos e iniciativas que facilitan el reciclaje de envases para dar as\u00ed una segunda vida a los residuos.<\/h5>\n<p>[\/vc_column_text][\/vc_column][vc_column width=\"1\/6\"][\/vc_column][\/vc_row][vc_row css_animation=\"\" row_type=\"row\" use_row_as_full_screen_section=\"no\" type=\"grid\" angled_section=\"no\" text_align=\"left\" background_image_as_pattern=\"without_pattern\" z_index=\"\" el_class=\"modulo-3-iconos\"][vc_column css_animation=\"bottom-to-top\" width=\"1\/3\"]<div class=\"image_with_text\"><img itemprop=\"image\" src=\"https:\/\/ecoembes.com\/landing\/informe-anual-2021\/wp-content\/uploads\/2021\/05\/circular.svg\" alt=\"\" \/><h3 ><\/h3><span style=\"margin: 6px 0px;\" class=\"separator transparent\"><\/span>Ayudamos a las empresas a cumplir con sus obligaciones legales e impulsamos la recogida selectiva, la reciclabilidad y la circularidad de los envases.<\/div>[\/vc_column][vc_column css_animation=\"bottom-to-top\" width=\"1\/3\"]<div class=\"image_with_text\"><img itemprop=\"image\" src=\"https:\/\/ecoembes.com\/landing\/informe-anual-2021\/wp-content\/uploads\/2021\/05\/agua.svg\" alt=\"\" \/><h3 ><\/h3><span style=\"margin: 6px 0px;\" class=\"separator transparent\"><\/span>Contribuimos a reducir la <span style=\"color: #000000;\">extracci\u00f3n <\/span>y el uso de materias primas y a reducir la huella de carbono.<\/div>[\/vc_column][vc_column css_animation=\"bottom-to-top\" width=\"1\/3\"]<div class=\"image_with_text\"><img itemprop=\"image\" src=\"https:\/\/ecoembes.com\/landing\/informe-anual-2021\/wp-content\/uploads\/2021\/05\/personas.svg\" alt=\"\" \/><h3 ><\/h3><span style=\"margin: 6px 0px;\" class=\"separator transparent\"><\/span>Ayudamos a expandir y afianzar la cultura del reciclaje entre la ciudadan\u00eda a trav\u00e9s de la educaci\u00f3n, la sensibilizaci\u00f3n, la transparencia y la participaci\u00f3n.<\/div>[\/vc_column][\/vc_row][vc_row css_animation=\"\" row_type=\"row\" use_row_as_full_screen_section=\"no\" type=\"grid\" angled_section=\"no\" text_align=\"left\" background_image_as_pattern=\"without_pattern\" z_index=\"\" el_class=\"modulo-3-iconos\"][vc_column css_animation=\"bottom-to-top\" width=\"1\/3\"]<div class=\"image_with_text\"><img itemprop=\"image\" src=\"https:\/\/ecoembes.com\/landing\/informe-anual-2021\/wp-content\/uploads\/2021\/05\/punto-reciclaje.svg\" alt=\"\" \/><h3 ><\/h3><span style=\"margin: 6px 0px;\" class=\"separator transparent\"><\/span>Creemos en la corresponsabilidad y en un modelo de colaboraci\u00f3n p\u00fablico-privada y<br \/>\ncoordinamos un ecosistema de colaboraci\u00f3n (junto con las empresas, la sociedad civil y las administraciones p\u00fablicas) en pro de la econom\u00eda circular.<\/div>[\/vc_column][vc_column css_animation=\"bottom-to-top\" width=\"1\/3\"]<div class=\"image_with_text\"><img itemprop=\"image\" src=\"https:\/\/ecoembes.com\/landing\/informe-anual-2021\/wp-content\/uploads\/2021\/05\/ayuntamiento.svg\" alt=\"\" \/><h3 ><\/h3><span style=\"margin: 6px 0px;\" class=\"separator transparent\"><\/span>Trabajamos junto con las Administraciones P\u00fablicas en la mejora continua del sistema de recogida selectiva bajo par\u00e1metros de calidad y eficiencia. Hemos introducido los incentivos sostenibles para reciclar m\u00e1s y mejor.<\/div>[\/vc_column][vc_column css_animation=\"bottom-to-top\" width=\"1\/3\"]<div class=\"image_with_text\"><img itemprop=\"image\" src=\"https:\/\/ecoembes.com\/landing\/informe-anual-2021\/wp-content\/uploads\/2021\/05\/emision-co2.svg\" alt=\"\" \/><h3 ><\/h3><span style=\"margin: 6px 0px;\" class=\"separator transparent\"><\/span>Fomentamos la innovaci\u00f3n como catalizador de la circularidad y ayudamos a las empresas a poner en marcha proyectos de ecodise\u00f1o que permitan hacer sus envases cada vez m\u00e1s sostenibles.<\/div>[\/vc_column][\/vc_row][vc_row css_animation=\"\" row_type=\"row\" use_row_as_full_screen_section=\"no\" type=\"grid\" angled_section=\"no\" text_align=\"left\" background_image_as_pattern=\"without_pattern\" z_index=\"\"][vc_column width=\"1\/6\"][\/vc_column][vc_column css_animation=\"bottom-to-top\" width=\"2\/3\"][vc_column_text]<\/p>\n<h4>Visi\u00f3n, Misi\u00f3n y Valores<\/h4>\n<h6><a href=\"https:\/\/ecoembes.com\/landing\/informe-anual-2021\/indice-de-contenidos-gri\/#gri-102-16\" target=\"_blank\" rel=\"noopener\"><span style=\"color: #469730;\">GRI 102-16<\/span><\/a><\/h6>\n<p>[\/vc_column_text][\/vc_column][vc_column width=\"1\/6\"][\/vc_column][\/vc_row][vc_row css_animation=\"\" row_type=\"row\" use_row_as_full_screen_section=\"no\" type=\"grid\" angled_section=\"no\" text_align=\"left\" background_image_as_pattern=\"without_pattern\" z_index=\"\" el_class=\"texto-una-columna\"][vc_column css_animation=\"bottom-to-top\"][vc_column_text]Nos planteamos nuestro compromiso con el desarrollo sostenible y la econom\u00eda circular desde una triple perspectiva: \u00e9tica\/econ\u00f3mica, ambiental y social. Y bajo este triple enfoque, nuestra visi\u00f3n, misi\u00f3n y valores confluyen en nuestro <a href=\"https:\/\/www.ecoembes.com\/es\/conoce-ecoembes\/que-es-ecoembes\/nuestra-razon-de-ser-y-proposito\">prop\u00f3sito<\/a> empresarial.<\/p>\n<p>&nbsp;<\/p>\n<p><strong>Nuestra Misi\u00f3n. <span style=\"font-weight: 400;\">Gestionar, desarrollar y hacer evolucionar el sistema de reciclaje de los envases de forma eficiente, transparente, medioambientalmente ambiciosa, innovadora y sin \u00e1nimo de lucro, trabajando para los ciudadanos en colaboraci\u00f3n con empresas y administraciones.<\/span><\/strong><\/p>\n<p>&nbsp;<\/p>\n<p><strong>Nuestra Visi\u00f3n.<\/strong> <span style=\"font-weight: 400;\">Consolidar una econom\u00eda circular eficiente, cercana e involucrativa que priorice el cuidado del medioambiente gracias a una sociedad activa, unas empresas responsables y unas instituciones p\u00fablicas comprometidas con el reciclaje.<\/span><\/p>\n<p>&nbsp;<\/p>\n<p><strong>Nuestros Valores. <span style=\"font-weight: 400;\">Son la inspiraci\u00f3n que gu\u00eda todas nuestras actuaciones:<\/span><\/strong>[\/vc_column_text][\/vc_column][\/vc_row][vc_row css_animation=\"\" row_type=\"row\" use_row_as_full_screen_section=\"no\" type=\"grid\" angled_section=\"no\" text_align=\"left\" background_image_as_pattern=\"without_pattern\" z_index=\"\" el_class=\"cuatro-columnas\"][vc_column css_animation=\"bottom-to-top\" width=\"1\/4\"][vc_column_text el_class=\"numeraciones\"]<\/p>\n<h3>01<\/h3>\n<h5>Integridad<\/h5>\n<p>[\/vc_column_text]<div class=\"qode-accordion-holder clearfix qode-toggle qode-initial \">\n\t<h4 class=\"clearfix qode-title-holder\">\n<span class=\"qode-tab-title\">\n\t    <span class=\"qode-tab-title-inner\">\n        Como empresa    <\/span>\n<\/span>\n<span class=\"qode-accordion-mark\">\n    <span class=\"qode-accordion-mark-icon\">\n        <span class=\"icon_plus\"><\/span>\n        <span class=\"icon_minus-06\"><\/span>\n    <\/span>\n<\/span>\n<\/h4>\n<div  class=\"qode-accordion-content \" >\n    <div class=\"qode-accordion-content-inner\">\n        [vc_column_text el_class=\"desplegable-empresa\"]Fomentamos la estricta observancia de conductas justas y comportamientos honestos en el desarrollo de nuestro trabajo.[\/vc_column_text]    <\/div>\n<\/div><\/div><div class=\"qode-accordion-holder clearfix qode-toggle qode-initial \">\n\t<h4 class=\"clearfix qode-title-holder\">\n<span class=\"qode-tab-title\">\n\t    <span class=\"qode-tab-title-inner\">\n        Como empleados    <\/span>\n<\/span>\n<span class=\"qode-accordion-mark\">\n    <span class=\"qode-accordion-mark-icon\">\n        <span class=\"icon_plus\"><\/span>\n        <span class=\"icon_minus-06\"><\/span>\n    <\/span>\n<\/span>\n<\/h4>\n<div  class=\"qode-accordion-content \" >\n    <div class=\"qode-accordion-content-inner\">\n        [vc_column_text]La integridad es una exigencia personal y profesional de nuestros empleados que aplicamos en todas las actividades, comport\u00e1ndonos de forma recta e imparcial, para merecer la confianza de las partes implicadas.[\/vc_column_text]    <\/div>\n<\/div><\/div>[\/vc_column][vc_column css_animation=\"bottom-to-top\" width=\"1\/4\"][vc_column_text el_class=\"numeraciones\"]<\/p>\n<h3>02<\/h3>\n<h5>Sostenibilidad<\/h5>\n<p>[\/vc_column_text]<div class=\"qode-accordion-holder clearfix qode-toggle qode-initial \">\n\t<h4 class=\"clearfix qode-title-holder\">\n<span class=\"qode-tab-title\">\n\t    <span class=\"qode-tab-title-inner\">\n        Como empresa    <\/span>\n<\/span>\n<span class=\"qode-accordion-mark\">\n    <span class=\"qode-accordion-mark-icon\">\n        <span class=\"icon_plus\"><\/span>\n        <span class=\"icon_minus-06\"><\/span>\n    <\/span>\n<\/span>\n<\/h4>\n<div  class=\"qode-accordion-content \" >\n    <div class=\"qode-accordion-content-inner\">\n        [vc_column_text]Defendemos un modelo perdurable, que combina la responsabilidad ambiental con la eficiencia econ\u00f3mica, y la creaci\u00f3n de valor para la sociedad a medio y largo plazo.[\/vc_column_text]    <\/div>\n<\/div><\/div><div class=\"qode-accordion-holder clearfix qode-toggle qode-initial \">\n\t<h4 class=\"clearfix qode-title-holder\">\n<span class=\"qode-tab-title\">\n\t    <span class=\"qode-tab-title-inner\">\n        Como empleados    <\/span>\n<\/span>\n<span class=\"qode-accordion-mark\">\n    <span class=\"qode-accordion-mark-icon\">\n        <span class=\"icon_plus\"><\/span>\n        <span class=\"icon_minus-06\"><\/span>\n    <\/span>\n<\/span>\n<\/h4>\n<div  class=\"qode-accordion-content \" >\n    <div class=\"qode-accordion-content-inner\">\n        [vc_column_text]Sabemos que la propia naturaleza de nuestra misi\u00f3n contribuye a preservar el entorno, pero vamos m\u00e1s all\u00e1 en nuestra vocaci\u00f3n ambiental, esforz\u00e1ndonos en realizar una gesti\u00f3n sostenible que satisfaga las demandas actuales y futuras de la sociedad.[\/vc_column_text]    <\/div>\n<\/div><\/div>[\/vc_column][vc_column css_animation=\"bottom-to-top\" width=\"1\/4\"][vc_column_text el_class=\"numeraciones\"]<\/p>\n<h3>03<\/h3>\n<h5>Colaboraci\u00f3n<\/h5>\n<p>[\/vc_column_text]<div class=\"qode-accordion-holder clearfix qode-toggle qode-initial \">\n\t<h4 class=\"clearfix qode-title-holder\">\n<span class=\"qode-tab-title\">\n\t    <span class=\"qode-tab-title-inner\">\n        Como empresa    <\/span>\n<\/span>\n<span class=\"qode-accordion-mark\">\n    <span class=\"qode-accordion-mark-icon\">\n        <span class=\"icon_plus\"><\/span>\n        <span class=\"icon_minus-06\"><\/span>\n    <\/span>\n<\/span>\n<\/h4>\n<div  class=\"qode-accordion-content \" >\n    <div class=\"qode-accordion-content-inner\">\n        [vc_column_text]Trabajamos estrechamente con nuestros grupos de inter\u00e9s en un modelo de gesti\u00f3n, en el que la colaboraci\u00f3n p\u00fablico-privada entre empresas, administraciones y ciudadanos es clave para preservar el medioambiente.[\/vc_column_text]    <\/div>\n<\/div><\/div><div class=\"qode-accordion-holder clearfix qode-toggle qode-initial \">\n\t<h4 class=\"clearfix qode-title-holder\">\n<span class=\"qode-tab-title\">\n\t    <span class=\"qode-tab-title-inner\">\n        Como empleados    <\/span>\n<\/span>\n<span class=\"qode-accordion-mark\">\n    <span class=\"qode-accordion-mark-icon\">\n        <span class=\"icon_plus\"><\/span>\n        <span class=\"icon_minus-06\"><\/span>\n    <\/span>\n<\/span>\n<\/h4>\n<div  class=\"qode-accordion-content \" >\n    <div class=\"qode-accordion-content-inner\">\n        [vc_column_text]Creemos en la cooperaci\u00f3n como la mejor manera de trabajar juntos hacia objetivos comunes, aprovechando las fortalezas y habilidades de cada miembro del equipo.[\/vc_column_text]    <\/div>\n<\/div><\/div>[\/vc_column][vc_column css_animation=\"bottom-to-top\" width=\"1\/4\"][vc_column_text el_class=\"numeraciones\"]<\/p>\n<h3>04<\/h3>\n<h5>Eficiencia<\/h5>\n<p>[\/vc_column_text]<div class=\"qode-accordion-holder clearfix qode-toggle qode-initial \">\n\t<h4 class=\"clearfix qode-title-holder\">\n<span class=\"qode-tab-title\">\n\t    <span class=\"qode-tab-title-inner\">\n        Como empresa    <\/span>\n<\/span>\n<span class=\"qode-accordion-mark\">\n    <span class=\"qode-accordion-mark-icon\">\n        <span class=\"icon_plus\"><\/span>\n        <span class=\"icon_minus-06\"><\/span>\n    <\/span>\n<\/span>\n<\/h4>\n<div  class=\"qode-accordion-content \" >\n    <div class=\"qode-accordion-content-inner\">\n        [vc_column_text]Maximizamos el rendimiento de los recursos para aunar los objetivos ambientales de la compa\u00f1\u00eda con la razonabilidad econ\u00f3mica de nuestra gesti\u00f3n.[\/vc_column_text]    <\/div>\n<\/div><\/div><div class=\"qode-accordion-holder clearfix qode-toggle qode-initial \">\n\t<h4 class=\"clearfix qode-title-holder\">\n<span class=\"qode-tab-title\">\n\t    <span class=\"qode-tab-title-inner\">\n        Como empleados    <\/span>\n<\/span>\n<span class=\"qode-accordion-mark\">\n    <span class=\"qode-accordion-mark-icon\">\n        <span class=\"icon_plus\"><\/span>\n        <span class=\"icon_minus-06\"><\/span>\n    <\/span>\n<\/span>\n<\/h4>\n<div  class=\"qode-accordion-content \" >\n    <div class=\"qode-accordion-content-inner\">\n        [vc_column_text]Entendemos la eficiencia como la austeridad en el uso de los recursos de la organizaci\u00f3n, tratando de sacar el m\u00e1ximo partido de los mismos en el desarrollo diario de nuestra actividad.[\/vc_column_text]    <\/div>\n<\/div><\/div>[\/vc_column][\/vc_row][vc_row css_animation=\"\" row_type=\"row\" use_row_as_full_screen_section=\"no\" type=\"grid\" angled_section=\"no\" text_align=\"left\" background_image_as_pattern=\"without_pattern\" z_index=\"\" el_class=\"cuatro-columnas\"][vc_column css_animation=\"bottom-to-top\" width=\"1\/3\"][vc_column_text el_class=\"numeraciones\"]<\/p>\n<h3>05<\/h3>\n<h5>Rigor<\/h5>\n<p>[\/vc_column_text]<div class=\"qode-accordion-holder clearfix qode-toggle qode-initial \">\n\t<h4 class=\"clearfix qode-title-holder\">\n<span class=\"qode-tab-title\">\n\t    <span class=\"qode-tab-title-inner\">\n        Como empresa    <\/span>\n<\/span>\n<span class=\"qode-accordion-mark\">\n    <span class=\"qode-accordion-mark-icon\">\n        <span class=\"icon_plus\"><\/span>\n        <span class=\"icon_minus-06\"><\/span>\n    <\/span>\n<\/span>\n<\/h4>\n<div  class=\"qode-accordion-content \" >\n    <div class=\"qode-accordion-content-inner\">\n        [vc_column_text]Actuamos de forma sistematizada, medible y trazable, bas\u00e1ndonos en la objetividad t\u00e9cnica y el control de los procesos.[\/vc_column_text]    <\/div>\n<\/div><\/div><div class=\"qode-accordion-holder clearfix qode-toggle qode-initial \">\n\t<h4 class=\"clearfix qode-title-holder\">\n<span class=\"qode-tab-title\">\n\t    <span class=\"qode-tab-title-inner\">\n        Como empleados    <\/span>\n<\/span>\n<span class=\"qode-accordion-mark\">\n    <span class=\"qode-accordion-mark-icon\">\n        <span class=\"icon_plus\"><\/span>\n        <span class=\"icon_minus-06\"><\/span>\n    <\/span>\n<\/span>\n<\/h4>\n<div  class=\"qode-accordion-content \" >\n    <div class=\"qode-accordion-content-inner\">\n        [vc_column_text]Como empleados orientamos nuestro trabajo hacia los est\u00e1ndares de calidad m\u00e1s elevados, siguiendo con diligencia los procedimientos establecidos y actuando con fiabilidad y transparencia.[\/vc_column_text]    <\/div>\n<\/div><\/div>[\/vc_column][vc_column css_animation=\"bottom-to-top\" width=\"1\/3\"][vc_column_text el_class=\"numeraciones\"]<\/p>\n<h3>06<\/h3>\n<h5>Innovaci\u00f3n<\/h5>\n<p>[\/vc_column_text]<div class=\"qode-accordion-holder clearfix qode-toggle qode-initial \">\n\t<h4 class=\"clearfix qode-title-holder\">\n<span class=\"qode-tab-title\">\n\t    <span class=\"qode-tab-title-inner\">\n        Como empresa    <\/span>\n<\/span>\n<span class=\"qode-accordion-mark\">\n    <span class=\"qode-accordion-mark-icon\">\n        <span class=\"icon_plus\"><\/span>\n        <span class=\"icon_minus-06\"><\/span>\n    <\/span>\n<\/span>\n<\/h4>\n<div  class=\"qode-accordion-content \" >\n    <div class=\"qode-accordion-content-inner\">\n        [vc_column_text]Promovemos y aplicamos avances t\u00e9cnicos a lo largo de todo el ciclo del envase, para optimizar el modelo de gesti\u00f3n y responder a la evoluci\u00f3n de los envases y sus residuos.[\/vc_column_text]    <\/div>\n<\/div><\/div><div class=\"qode-accordion-holder clearfix qode-toggle qode-initial \">\n\t<h4 class=\"clearfix qode-title-holder\">\n<span class=\"qode-tab-title\">\n\t    <span class=\"qode-tab-title-inner\">\n        Como empleados    <\/span>\n<\/span>\n<span class=\"qode-accordion-mark\">\n    <span class=\"qode-accordion-mark-icon\">\n        <span class=\"icon_plus\"><\/span>\n        <span class=\"icon_minus-06\"><\/span>\n    <\/span>\n<\/span>\n<\/h4>\n<div  class=\"qode-accordion-content \" >\n    <div class=\"qode-accordion-content-inner\">\n        [vc_column_text]Mantenemos una actitud abierta y creativa, a todos los niveles de la organizaci\u00f3n, para incorporar avances tecnol\u00f3gicos y ambientales, que mejoren los procesos internos y externos de la compa\u00f1\u00eda.[\/vc_column_text]    <\/div>\n<\/div><\/div>[\/vc_column][vc_column css_animation=\"bottom-to-top\" width=\"1\/3\"][vc_column_text el_class=\"numeraciones\"]<\/p>\n<h3>07<\/h3>\n<h5>Productividad<\/h5>\n<p>[\/vc_column_text]<div class=\"qode-accordion-holder clearfix qode-toggle qode-initial \">\n\t<h4 class=\"clearfix qode-title-holder\">\n<span class=\"qode-tab-title\">\n\t    <span class=\"qode-tab-title-inner\">\n        Como empresa    <\/span>\n<\/span>\n<span class=\"qode-accordion-mark\">\n    <span class=\"qode-accordion-mark-icon\">\n        <span class=\"icon_plus\"><\/span>\n        <span class=\"icon_minus-06\"><\/span>\n    <\/span>\n<\/span>\n<\/h4>\n<div  class=\"qode-accordion-content \" >\n    <div class=\"qode-accordion-content-inner\">\n        [vc_column_text]Tomamos la iniciativa para identificar y promover la implantaci\u00f3n de buenas pr\u00e1cticas en todas nuestras actividades.[\/vc_column_text]    <\/div>\n<\/div><\/div><div class=\"qode-accordion-holder clearfix qode-toggle qode-initial \">\n\t<h4 class=\"clearfix qode-title-holder\">\n<span class=\"qode-tab-title\">\n\t    <span class=\"qode-tab-title-inner\">\n        Como empleados    <\/span>\n<\/span>\n<span class=\"qode-accordion-mark\">\n    <span class=\"qode-accordion-mark-icon\">\n        <span class=\"icon_plus\"><\/span>\n        <span class=\"icon_minus-06\"><\/span>\n    <\/span>\n<\/span>\n<\/h4>\n<div  class=\"qode-accordion-content \" >\n    <div class=\"qode-accordion-content-inner\">\n        [vc_column_text]Todos los profesionales de Ecoembes asumimos un papel activo en la compa\u00f1\u00eda, identificando \u00e1reas de mejora y proponiendo nuevas ideas y proyectos para proporcionar mejor servicio.[\/vc_column_text]    <\/div>\n<\/div><\/div>[\/vc_column][\/vc_row][vc_row css_animation=\"\" row_type=\"row\" use_row_as_full_screen_section=\"no\" type=\"grid\" angled_section=\"no\" text_align=\"center\" background_image_as_pattern=\"without_pattern\" z_index=\"\" el_class=\"intro-seccion\"][vc_column width=\"1\/6\"][\/vc_column][vc_column css_animation=\"bottom-to-top\" width=\"2\/3\"][vc_column_text]<\/p>\n<h1>Corresponsabilidad<\/h1>\n<p>[\/vc_column_text][vc_column_text]<\/p>\n<h3>Un modelo que funciona<\/h3>\n<p>[\/vc_column_text][vc_column_text]<\/p>\n<h5>La corresponsabilidad y la colaboraci\u00f3n p\u00fablico-privada es la esencia nuestro modelo<\/h5>\n<p>[\/vc_column_text][\/vc_column][vc_column width=\"1\/6\"][\/vc_column][\/vc_row][vc_row css_animation=\"\" row_type=\"row\" use_row_as_full_screen_section=\"no\" type=\"grid\" angled_section=\"no\" text_align=\"left\" background_image_as_pattern=\"without_pattern\" z_index=\"\" el_class=\"texto-una-columna\"][vc_column css_animation=\"bottom-to-top\"][vc_column_text]Gestionamos el sistema colectivo de responsabilidad ampliada del productor (SCRAP) de residuos de envases dom\u00e9sticos. Incluye los envases ligeros (de brik, metal y pl\u00e1stico) y de papel-cart\u00f3n.<\/p>\n<p>&nbsp;<\/p>\n<p>Se trata de una labor compartida por Administraciones, empresas y ciudadanos, en la que Ecoembes act\u00faa como dinamizador y correa de transmisi\u00f3n. Nuestra prioridad es asegurarnos de que todos los integrantes del sistema colaboran eficazmente alineados con un objetivo com\u00fan.<\/p>\n<p>&nbsp;<\/p>\n<p>La estrecha colaboraci\u00f3n p\u00fablico-privada y la implicaci\u00f3n de una ciudadan\u00eda cada vez m\u00e1s concienciada con los temas medioambientales son la base sobre la que se sustenta todo el sistema y garantiza su eficacia.<\/p>\n<p>&nbsp;<\/p>\n<h4>El Punto Verde como garant\u00eda de circularidad<\/h4>\n<p>&nbsp;<\/p>\n<p>Los envases incluidos en nuestro SCRAP est\u00e1n identificados mediante el s\u00edmbolo de \u2018Punto Verde\u2019, un referente estatal en materia de reciclaje. Este distintivo garantiza a comerciantes y consumidores que la compa\u00f1\u00eda envasadora cumple con sus obligaciones legales en materia de reciclaje y gesti\u00f3n de residuos.<\/p>\n<p>&nbsp;<\/p>\n<p>El proceso lo inician las empresas que forman parte del sistema y lo financian con sus contribuciones al Punto Verde por los envases que ponen en el mercado.<\/p>\n<p>&nbsp;<\/p>\n<p>Una vez consumidos los productos, los ciudadanos depositan los envases y sus residuos en los contenedores amarillos (envases de pl\u00e1stico, latas y briks) y azules (envases de papel y cart\u00f3n), que son gestionados por los ayuntamientos.<\/p>\n<p>&nbsp;<\/p>\n<p>Posteriormente, los servicios de recogida municipales u operadores de servicio recogen esos residuos y los transportan hasta las plantas de reciclaje, donde son reciclados y se convierten en nueva materia prima con la que se fabrican nuevos envases u otros productos.<\/p>\n<p>&nbsp;<\/p>\n<p>Se completa as\u00ed un ciclo basado en los principios de econom\u00eda circular.[\/vc_column_text][\/vc_column][\/vc_row][vc_row css_animation=\"\" row_type=\"row\" use_row_as_full_screen_section=\"no\" type=\"grid\" angled_section=\"no\" text_align=\"left\" background_image_as_pattern=\"without_pattern\" z_index=\"\" el_class=\"texto-una-columna\"][vc_column css_animation=\"bottom-to-top\"][vc_column_text]<\/p>\n<h6><span style=\"color: #469730;\">GRI 102-9<\/span><\/h6>\n<p>[\/vc_column_text][vc_single_image image=\"2414\" img_size=\"full\" alignment=\"center\" qode_css_animation=\"\" el_class=\"info-circulo\"][\/vc_column][\/vc_row][vc_row css_animation=\"\" row_type=\"row\" use_row_as_full_screen_section=\"no\" type=\"grid\" angled_section=\"no\" text_align=\"left\" background_image_as_pattern=\"without_pattern\" z_index=\"\" el_class=\"texto-una-columna\"][vc_column css_animation=\"bottom-to-top\"][vc_column_text]<\/p>\n<h4>Entidad sin \u00e1nimo de lucro<\/h4>\n<p>&nbsp;<\/p>\n<p><span style=\"font-weight: 400;\">Como Sistema Colectivo de Responsabilidad Ampliada del Productor (SCRAP), somos una entidad sin \u00e1nimo de lucro. Todos los recursos que ingresamos en concepto de Punto Verde se reinvierten en sufragar el sistema de recogida selectiva de residuos de envases y en introducir mejoras en el mismo.<\/span><\/p>\n<p>&nbsp;<\/p>\n<p><span style=\"font-weight: 400;\">En 2021 hemos verificado el <\/span><span style=\"font-weight: 400;\">83<\/span><span style=\"font-weight: 400;\">% <\/span><span style=\"font-weight: 400;\">de las toneladas de envases dom\u00e9sticos gestionados bajo este sistema por medio de nuestros sistemas de auditor\u00eda. <\/span>[\/vc_column_text][\/vc_column][\/vc_row][vc_row css_animation=\"\" row_type=\"row\" use_row_as_full_screen_section=\"no\" type=\"grid\" angled_section=\"no\" text_align=\"left\" background_image_as_pattern=\"without_pattern\" z_index=\"\" el_class=\"texto-una-columna\"][vc_column css_animation=\"bottom-to-top\"][vc_column_text]<\/p>\n<h4>Ecoembes: Ingresos\/Gastos 2021<\/h4>\n<p>&nbsp;<\/p>\n<h6><a href=\"https:\/\/ecoembes.com\/landing\/informe-anual-2021\/indice-de-contenidos-gri\/#gri-102-7\" target=\"_blank\" rel=\"noopener\"><span style=\"color: #469730;\">GRI 102-7<\/span><\/a><\/h6>\n<p>[\/vc_column_text][\/vc_column][\/vc_row][vc_row css_animation=\"\" row_type=\"row\" use_row_as_full_screen_section=\"no\" type=\"grid\" angled_section=\"no\" text_align=\"left\" background_image_as_pattern=\"without_pattern\" z_index=\"\" el_class=\"modulo-3-iconos\"][vc_column css_animation=\"bottom-to-top\" width=\"1\/2\" el_class=\"tabla-gastos\"][vc_column_text]<\/p>\n<h5 style=\"text-align: center;\"><strong>Ingresos 2021<\/strong><\/h5>\n<p style=\"text-align: center; color: #469730;\">Millones de euros y porcentaje<\/p>\n<p>[\/vc_column_text][vc_separator type=\"normal\"][vc_single_image image=\"254\" img_size=\"full\" alignment=\"center\" qode_css_animation=\"\" el_class=\"img-icon\"][vc_column_text]<\/p>\n<h3>614 MM de \u20ac<\/h3>\n<h3 style=\"font-family: roc-grotesk, sans-serif; font-weight: 300; margin: 0px; color: #469730; padding-bottom: 20px;\">85%<\/h3>\n<p>Pago del Punto Verde por empresas participantes en el sistema.<\/p>\n<p>&nbsp;<\/p>\n<p>&nbsp;<\/p>\n<p>[\/vc_column_text][vc_separator type=\"normal\"][vc_single_image image=\"31\" img_size=\"full\" alignment=\"center\" qode_css_animation=\"\"][vc_column_text]<\/p>\n<h3>105 MM de \u20ac<\/h3>\n<h3 style=\"font-family: roc-grotesk, sans-serif; font-weight: 300; margin: 0px; color: #469730; padding-bottom: 20px;\">15%<\/h3>\n<p>Venta a la industria del reciclaje de material recuperado.<\/p>\n<p>&nbsp;<\/p>\n<p>[\/vc_column_text][vc_separator type=\"normal\"][vc_column_text]<\/p>\n<p style=\"text-align: center; font-weight: 600; color: #469730;\">Total<\/p>\n<h3 style=\"margin: 0px;\">719 MM de \u20ac<\/h3>\n<p>[\/vc_column_text][\/vc_column][vc_column css_animation=\"bottom-to-top\" width=\"1\/2\" el_class=\"tabla-gastos\"][vc_column_text]<\/p>\n<h5 style=\"text-align: center;\"><strong>Gastos 2021<\/strong><\/h5>\n<p style=\"text-align: center; color: #469730;\">Millones de euros y porcentaje<\/p>\n<p>[\/vc_column_text][vc_separator type=\"normal\"][vc_single_image image=\"35\" img_size=\"full\" alignment=\"center\" qode_css_animation=\"\"][vc_column_text]<\/p>\n<h3>682 MM \u20ac<\/h3>\n<h3 style=\"font-family: roc-grotesk, sans-serif; font-weight: 300; margin: 0px; color: #469730; padding-bottom: 20px;\">95%<\/h3>\n<p>Costes de la recogida selectiva: contenedores, recogidas de los residuos, clasificaci\u00f3n y acondicionamiento en plantas de selecci\u00f3n y campa\u00f1as de sensibilizaci\u00f3n.[\/vc_column_text][vc_separator type=\"normal\"][vc_single_image image=\"219\" img_size=\"full\" alignment=\"center\" qode_css_animation=\"\"][vc_column_text]<\/p>\n<h3>37 MM \u20ac<\/h3>\n<h3 style=\"font-family: roc-grotesk, sans-serif; font-weight: 300; margin: 0px; color: #469730; padding-bottom: 20px;\">5%<\/h3>\n<p>Gastos de gesti\u00f3n: servicios contratados por Ecoembes, arrendamientos, gastos de personal, equipamiento, etc.[\/vc_column_text][vc_separator type=\"normal\"][vc_column_text]<\/p>\n<p style=\"text-align: center; font-weight: 600; color: #469730;\">Total<\/p>\n<h3 style=\"margin: 0px;\">719 MM \u20ac<\/h3>\n<p>[\/vc_column_text][\/vc_column][\/vc_row][vc_row css_animation=\"\" row_type=\"row\" use_row_as_full_screen_section=\"no\" type=\"grid\" angled_section=\"no\" text_align=\"left\" background_image_as_pattern=\"without_pattern\" z_index=\"\" el_class=\"texto-una-columna\"][vc_column css_animation=\"bottom-to-top\"][vc_column_text]Los ingresos por venta de materiales de envase recuperados han aumentado significativamente en 2021. A ello han contribuido factores como la recuperaci\u00f3n del consumo, la crisis de abastecimiento y el encarecimiento de la energ\u00eda y los combustibles.<\/p>\n<p>&nbsp;<\/p>\n<p>Este incremento de ingresos ha permitido que la subida de tarifas de Punto Verde para 2022 se haya ajustado a un 5% de media, para el conjunto de los materiales de envase, en lugar del 9,75% inicialmente previsto.[\/vc_column_text][\/vc_column][\/vc_row][vc_row css_animation=\"\" row_type=\"row\" use_row_as_full_screen_section=\"no\" type=\"grid\" angled_section=\"no\" text_align=\"left\" background_image_as_pattern=\"without_pattern\" z_index=\"\" el_class=\"texto-una-columna\"][vc_column css_animation=\"bottom-to-top\"][vc_single_image image=\"1956\" img_size=\"full\" qode_css_animation=\"\"][\/vc_column][\/vc_row][vc_row css_animation=\"\" row_type=\"row\" use_row_as_full_screen_section=\"no\" type=\"grid\" angled_section=\"no\" text_align=\"center\" background_image_as_pattern=\"without_pattern\" z_index=\"\" el_class=\"intro-seccion\"][vc_column width=\"1\/6\"][\/vc_column][vc_column css_animation=\"bottom-to-top\" width=\"2\/3\"][vc_column_text]<\/p>\n<h1>2021<\/h1>\n<p>[\/vc_column_text][vc_column_text]<\/p>\n<h3><b>Sentar las bases para la consolidaci\u00f3n<\/b><\/h3>\n<p>[\/vc_column_text][vc_column_text]<\/p>\n<h5>La actividad de Ecoembes en 2021 se ha desarrollado en un contexto de fr\u00e1gil situaci\u00f3n econ\u00f3mica y de recuperaci\u00f3n despu\u00e9s de la crisis de la COVID-19.<\/h5>\n<p>[\/vc_column_text][\/vc_column][vc_column width=\"1\/6\"][\/vc_column][\/vc_row][vc_row css_animation=\"\" row_type=\"row\" use_row_as_full_screen_section=\"no\" type=\"grid\" angled_section=\"no\" text_align=\"left\" background_image_as_pattern=\"without_pattern\" z_index=\"\" el_class=\"texto-una-columna\" el_id=\"financiacion\"][vc_column css_animation=\"bottom-to-top\"][vc_column_text]Por otro lado, se ha puesto un especial esfuerzo en preparar a la organizaci\u00f3n para los importantes cambios que se avecinan y que afectar\u00e1n directamente a la actividad de Ecoembes, con el avance del proceso regulatorio sobre residuos en el marco de la econom\u00eda circular, que ha comenzado a materializarse en 2022 y afectar\u00e1 a toda la cadena de valor del envase.<\/p>\n<p>&nbsp;<\/p>\n<h4>Finanzas Verdes<\/h4>\n<p>&nbsp;<\/p>\n<p><span style=\"font-weight: 400;\">En el plano financiero, hemos continuado avanzando en la l\u00ednea iniciada en 2020 para transformar toda nuestra estructura financiera bajo par\u00e1metros de financiaci\u00f3n verde. Se ha realizado un <em>framework<\/em> de financiaci\u00f3n verde de acuerdo con los principios internacionales de los bonos y pr\u00e9stamos verdes, el cual ha sido validado por la firma independiente DNV-GL.\u00a0 \u00a0<\/span><\/p>\n<p>&nbsp;<\/p>\n<h4>Acompa\u00f1amos<\/h4>\n<p>&nbsp;<\/p>\n<p>Queremos ser dinamizadores del cambio hacia un modelo socioambiental y econ\u00f3mico m\u00e1s circular. Ayudamos a los actores de la cadena de valor del envase de distintos modos.[\/vc_column_text][\/vc_column][\/vc_row][vc_row css_animation=\"\" row_type=\"row\" use_row_as_full_screen_section=\"no\" type=\"grid\" angled_section=\"no\" text_align=\"left\" background_image_as_pattern=\"without_pattern\" z_index=\"\" el_class=\"modulo-3-iconos\"][vc_column css_animation=\"bottom-to-top\" width=\"1\/2\"]<div class=\"image_with_text\"><img itemprop=\"image\" src=\"https:\/\/ecoembes.com\/landing\/informe-anual-2021\/wp-content\/uploads\/2021\/05\/empresas.svg\" alt=\"A las empresas productoras\" \/><h3 >A las empresas productoras<\/h3><span style=\"margin: 6px 0px;\" class=\"separator transparent\"><\/span>Facilitamos que las empresas integradas en el SCRAP cumplan con sus obligaciones legales en materia de residuos. Les prestamos asesoramiento para ayudarlas a reducir el impacto ambiental de sus envases y creamos valor junto con ellas a trav\u00e9s de iniciativas vinculadas a la innovaci\u00f3n, la sensibilizaci\u00f3n y cuestiones normativas.<\/div>[\/vc_column][vc_column css_animation=\"bottom-to-top\" width=\"1\/2\"]<div class=\"image_with_text\"><img itemprop=\"image\" src=\"https:\/\/ecoembes.com\/landing\/informe-anual-2021\/wp-content\/uploads\/2021\/05\/personas.svg\" alt=\"A la sociedad\" \/><h3 >A la sociedad<\/h3><span style=\"margin: 6px 0px;\" class=\"separator transparent\"><\/span>Queremos contribuir a impulsar el reciclaje en Espa\u00f1a. Nuestras campa\u00f1as de sensibilizaci\u00f3n han ayudado a que en 2021 los ciudadanos hayan seguido acudiendo a depositar sus envases en los contenedores amarillos y azules.<\/div>[\/vc_column][\/vc_row][vc_row css_animation=\"\" row_type=\"row\" use_row_as_full_screen_section=\"no\" type=\"grid\" angled_section=\"no\" text_align=\"left\" background_image_as_pattern=\"without_pattern\" z_index=\"\" el_class=\"modulo-3-iconos\"][vc_column css_animation=\"bottom-to-top\" width=\"1\/2\"]<div class=\"image_with_text\"><img itemprop=\"image\" src=\"https:\/\/ecoembes.com\/landing\/informe-anual-2021\/wp-content\/uploads\/2021\/05\/ayuntamiento.svg\" alt=\"A las Administraciones\" \/><h3 >A las Administraciones<\/h3><span style=\"margin: 6px 0px;\" class=\"separator transparent\"><\/span>Trabajamos de la mano con las entidades locales y auton\u00f3micas para que el servicio p\u00fablico de recogida de envases alcance los mayores niveles de excelencia. Adem\u00e1s, como especialistas en materia de reciclaje de envases, prestamos apoyo a ayuntamientos y autoridades auton\u00f3micas a trav\u00e9s de formaciones, asesoramiento t\u00e9cnico y otras actuaciones.<\/div>[\/vc_column][vc_column css_animation=\"bottom-to-top\" width=\"1\/2\"]<div class=\"image_with_text\"><img itemprop=\"image\" src=\"https:\/\/ecoembes.com\/landing\/informe-anual-2021\/wp-content\/uploads\/2021\/05\/circular.svg\" alt=\"A las empresas recicladoras\" \/><h3 >A las empresas recicladoras<\/h3><span style=\"margin: 6px 0px;\" class=\"separator transparent\"><\/span>Garantizamos la trazabilidad del 100% de los materiales que llegan a las empresas transformadoras desde las plantas de selecci\u00f3n.<\/div>[\/vc_column][\/vc_row][vc_row css_animation=\"\" row_type=\"row\" use_row_as_full_screen_section=\"no\" type=\"grid\" angled_section=\"no\" text_align=\"left\" background_image_as_pattern=\"without_pattern\" z_index=\"\" el_class=\"texto-una-columna\"][vc_column css_animation=\"bottom-to-top\"][vc_column_text]<\/p>\n<h4>El reciclaje m\u00e1s cerca<\/h4>\n<h5><\/h5>\n<p><span style=\"font-weight: 400;\">Llevamos el reciclaje all\u00ed donde debe estar: en las comunidades aut\u00f3nomas, ayuntamientos y barrios de ciudades y pueblos. Nuestra pol\u00edtica de descentralizaci\u00f3n nos permite desarrollar un di\u00e1logo transversal y permanente con los distintos territorios de Espa\u00f1a.\u00a0\u00a0<\/span><\/p>\n<p>&nbsp;<\/p>\n<p><span style=\"font-weight: 400;\">Nuestro modelo no cree en la descentralizaci\u00f3n. Tenemos una fuerte presencia en todo el territorio nacional. De esta forma, los conocemos mejor y estamos m\u00e1s cerca de sus necesidades.<\/span>[\/vc_column_text][\/vc_column][\/vc_row][vc_row css_animation=\"\" row_type=\"row\" use_row_as_full_screen_section=\"no\" type=\"grid\" angled_section=\"no\" text_align=\"left\" background_image_as_pattern=\"without_pattern\" z_index=\"\" el_class=\"texto-una-columna\"][vc_column css_animation=\"bottom-to-top\"][vc_single_image image=\"291\" img_size=\"full\" alignment=\"center\" qode_css_animation=\"\" el_class=\"info-mapa\"][\/vc_column][\/vc_row][vc_row css_animation=\"\" row_type=\"row\" use_row_as_full_screen_section=\"no\" type=\"grid\" angled_section=\"no\" text_align=\"center\" background_image_as_pattern=\"without_pattern\" z_index=\"\" el_class=\"intro-seccion\"][vc_column width=\"1\/6\"][\/vc_column][vc_column css_animation=\"bottom-to-top\" width=\"2\/3\"][vc_column_text]<\/p>\n<h1>Alianzas<\/h1>\n<p>[\/vc_column_text][vc_column_text]<\/p>\n<h3>Para llegar m\u00e1s lejos<\/h3>\n<p>&nbsp;<\/p>\n<h6><a href=\"https:\/\/ecoembes.com\/landing\/informe-anual-2021\/indice-de-contenidos-gri\/#gri-102-13\" target=\"_blank\" rel=\"noopener\"><span style=\"color: #469730;\">GRI 102-13<\/span><\/a><\/h6>\n<p>[\/vc_column_text][vc_column_text]<\/p>\n<h5>El ODS 17 de la Agenda 2030 de Naciones Unidas se refiere a las alianzas como elemento clave para lograr cualquier objetivo.<\/h5>\n<p>[\/vc_column_text][\/vc_column][vc_column width=\"1\/6\"][\/vc_column][\/vc_row][vc_row css_animation=\"\" row_type=\"row\" use_row_as_full_screen_section=\"no\" type=\"grid\" angled_section=\"no\" text_align=\"left\" background_image_as_pattern=\"without_pattern\" z_index=\"\" el_class=\"texto-una-columna\"][vc_column css_animation=\"bottom-to-top\"][vc_column_text]En Ecoembes actuamos como conector y cohesionador entre los distintos agentes participantes en el sistema de reciclaje espa\u00f1ol. Dinamizamos y estimulamos las relaciones, tanto operativas como institucionales, entre los distintos actores, potenciando las sinergias y facilitando el di\u00e1logo para que el proceso transcurra de la manera m\u00e1s fluida y eficiente posible.<\/p>\n<p>&nbsp;<\/p>\n<p>Nuestra actividad relacional es tan importante como la operacional. Nuestro modelo es integrador y se basa en el alineamiento de esfuerzos hacia un prop\u00f3sito com\u00fan.<\/p>\n<p>&nbsp;<\/p>\n<p>Sabemos que es imposible tener \u00e9xito sin la participaci\u00f3n y el compromiso de todos nuestros grupos de inter\u00e9s. Llevamos a\u00f1os forjando una s\u00f3lida y extensa red de alianzas con todos los miembros implicados en el sistema de recogida selectiva en Espa\u00f1a.<\/p>\n<p>&nbsp;<\/p>\n<blockquote><p>Nuestro modelo de proyecto compartido se extiende a lo largo de una cadena de valor diversa, inclusiva y duradera y alineada con nuestros objetivos.<\/p><\/blockquote>\n<p>[\/vc_column_text][\/vc_column][\/vc_row][vc_row css_animation=\"\" row_type=\"row\" use_row_as_full_screen_section=\"no\" type=\"grid\" angled_section=\"no\" text_align=\"left\" background_image_as_pattern=\"without_pattern\" z_index=\"\" el_class=\"modulo-3-iconos\"][vc_column css_animation=\"bottom-to-top\" width=\"1\/3\"]<div class=\"image_with_text\"><img itemprop=\"image\" src=\"https:\/\/ecoembes.com\/landing\/informe-anual-2021\/wp-content\/uploads\/2021\/05\/accionistas.svg\" alt=\"Accionistas\" \/><h3 >Accionistas<\/h3><span style=\"margin: 6px 0px;\" class=\"separator transparent\"><\/span><\/div><div class=\"qode-accordion-holder clearfix qode-toggle qode-initial \">\n\t<h4 class=\"clearfix qode-title-holder\">\n<span class=\"qode-tab-title\">\n\t    <span class=\"qode-tab-title-inner\">\n        M\u00e1s informaci\u00f3n    <\/span>\n<\/span>\n<span class=\"qode-accordion-mark\">\n    <span class=\"qode-accordion-mark-icon\">\n        <span class=\"icon_plus\"><\/span>\n        <span class=\"icon_minus-06\"><\/span>\n    <\/span>\n<\/span>\n<\/h4>\n<div  class=\"qode-accordion-content \" >\n    <div class=\"qode-accordion-content-inner\">\n        [vc_column_text]Nuestros accionistas son organizaciones y empresas vinculadas a la fabricaci\u00f3n de envases y embalajes, el envasado de productos y su distribuci\u00f3n comercial. Por ellos y para ellos gestionamos el modelo con \u00e9tica, transparencia y eficacia.[\/vc_column_text]    <\/div>\n<\/div><\/div>[\/vc_column][vc_column css_animation=\"bottom-to-top\" width=\"1\/3\"]<div class=\"image_with_text\"><img itemprop=\"image\" src=\"https:\/\/ecoembes.com\/landing\/informe-anual-2021\/wp-content\/uploads\/2021\/05\/empresas.svg\" alt=\"Empresas productoras\" \/><h3 >Empresas productoras<\/h3><span style=\"margin: 6px 0px;\" class=\"separator transparent\"><\/span><\/div><div class=\"qode-accordion-holder clearfix qode-toggle qode-initial \">\n\t<h4 class=\"clearfix qode-title-holder\">\n<span class=\"qode-tab-title\">\n\t    <span class=\"qode-tab-title-inner\">\n        M\u00e1s informaci\u00f3n    <\/span>\n<\/span>\n<span class=\"qode-accordion-mark\">\n    <span class=\"qode-accordion-mark-icon\">\n        <span class=\"icon_plus\"><\/span>\n        <span class=\"icon_minus-06\"><\/span>\n    <\/span>\n<\/span>\n<\/h4>\n<div  class=\"qode-accordion-content \" >\n    <div class=\"qode-accordion-content-inner\">\n        [vc_column_text]El pilar esencial del sistema. Les ayudamos a cumplir con sus obligaciones legales en materia de envases y a mejorar sus prestaciones medioambientales mediante servicios de valor a\u00f1adido.[\/vc_column_text]    <\/div>\n<\/div><\/div>[\/vc_column][vc_column css_animation=\"bottom-to-top\" width=\"1\/3\"]<div class=\"image_with_text\"><img itemprop=\"image\" src=\"https:\/\/ecoembes.com\/landing\/informe-anual-2021\/wp-content\/uploads\/2021\/05\/circular.svg\" alt=\"Recicladores y recuperadores\" \/><h3 >Recicladores y recuperadores<\/h3><span style=\"margin: 6px 0px;\" class=\"separator transparent\"><\/span><\/div><div class=\"qode-accordion-holder clearfix qode-toggle qode-initial \">\n\t<h4 class=\"clearfix qode-title-holder\">\n<span class=\"qode-tab-title\">\n\t    <span class=\"qode-tab-title-inner\">\n        M\u00e1s informaci\u00f3n    <\/span>\n<\/span>\n<span class=\"qode-accordion-mark\">\n    <span class=\"qode-accordion-mark-icon\">\n        <span class=\"icon_plus\"><\/span>\n        <span class=\"icon_minus-06\"><\/span>\n    <\/span>\n<\/span>\n<\/h4>\n<div  class=\"qode-accordion-content \" >\n    <div class=\"qode-accordion-content-inner\">\n        [vc_column_text]Son los agentes transformadores que dan al envase una nueva vida y permiten reincorporarlo al sistema productivo. Les proporcionamos materiales seleccionados con calidad contrastada en procesos de adjudicaci\u00f3n transparentes y respetuosos con la libre competencia del mercado.[\/vc_column_text]    <\/div>\n<\/div><\/div>[\/vc_column][\/vc_row][vc_row css_animation=\"\" row_type=\"row\" use_row_as_full_screen_section=\"no\" type=\"grid\" angled_section=\"no\" text_align=\"left\" background_image_as_pattern=\"without_pattern\" z_index=\"\" el_class=\"modulo-3-iconos\"][vc_column css_animation=\"bottom-to-top\" width=\"1\/3\"]<div class=\"image_with_text\"><img itemprop=\"image\" src=\"https:\/\/ecoembes.com\/landing\/informe-anual-2021\/wp-content\/uploads\/2021\/05\/envases.svg\" alt=\"Entidades de materiales\" \/><h3 >Entidades de materiales<\/h3><span style=\"margin: 6px 0px;\" class=\"separator transparent\"><\/span><\/div><div class=\"qode-accordion-holder clearfix qode-toggle qode-initial \">\n\t<h4 class=\"clearfix qode-title-holder\">\n<span class=\"qode-tab-title\">\n\t    <span class=\"qode-tab-title-inner\">\n        M\u00e1s informaci\u00f3n    <\/span>\n<\/span>\n<span class=\"qode-accordion-mark\">\n    <span class=\"qode-accordion-mark-icon\">\n        <span class=\"icon_plus\"><\/span>\n        <span class=\"icon_minus-06\"><\/span>\n    <\/span>\n<\/span>\n<\/h4>\n<div  class=\"qode-accordion-content \" >\n    <div class=\"qode-accordion-content-inner\">\n        [vc_column_text]Nos apoyamos en su gran conocimiento t\u00e9cnico para realizar estudios conjuntos sobre envasado, detectar nuevas tendencias sobre materiales y lograr mejoras en cuanto a reciclaje.[\/vc_column_text]    <\/div>\n<\/div><\/div>[\/vc_column][vc_column css_animation=\"bottom-to-top\" width=\"1\/3\"]<div class=\"image_with_text\"><img itemprop=\"image\" src=\"https:\/\/ecoembes.com\/landing\/informe-anual-2021\/wp-content\/uploads\/2021\/05\/personas.svg\" alt=\"Empleados\" \/><h3 >Empleados<\/h3><span style=\"margin: 6px 0px;\" class=\"separator transparent\"><\/span><\/div><div class=\"qode-accordion-holder clearfix qode-toggle qode-initial \">\n\t<h4 class=\"clearfix qode-title-holder\">\n<span class=\"qode-tab-title\">\n\t    <span class=\"qode-tab-title-inner\">\n        M\u00e1s informaci\u00f3n    <\/span>\n<\/span>\n<span class=\"qode-accordion-mark\">\n    <span class=\"qode-accordion-mark-icon\">\n        <span class=\"icon_plus\"><\/span>\n        <span class=\"icon_minus-06\"><\/span>\n    <\/span>\n<\/span>\n<\/h4>\n<div  class=\"qode-accordion-content \" >\n    <div class=\"qode-accordion-content-inner\">\n        [vc_column_text]Nuestros empleados son la clave para que el modelo fluya. Fomentamos un clima de trabajo inclusivo, diverso y colaborativo con ellos para que el talento y el compromiso de nuestras personas puedan desarrollarse y alcanzar su mejor versi\u00f3n.[\/vc_column_text]    <\/div>\n<\/div><\/div>[\/vc_column][vc_column css_animation=\"bottom-to-top\" width=\"1\/3\"]<div class=\"image_with_text\"><img itemprop=\"image\" src=\"https:\/\/ecoembes.com\/landing\/informe-anual-2021\/wp-content\/uploads\/2021\/05\/ayuntamiento.svg\" alt=\"Administraciones p\u00fablicas\" \/><h3 >Administraciones p\u00fablicas<\/h3><span style=\"margin: 6px 0px;\" class=\"separator transparent\"><\/span><\/div><div class=\"qode-accordion-holder clearfix qode-toggle qode-initial \">\n\t<h4 class=\"clearfix qode-title-holder\">\n<span class=\"qode-tab-title\">\n\t    <span class=\"qode-tab-title-inner\">\n        M\u00e1s informaci\u00f3n    <\/span>\n<\/span>\n<span class=\"qode-accordion-mark\">\n    <span class=\"qode-accordion-mark-icon\">\n        <span class=\"icon_plus\"><\/span>\n        <span class=\"icon_minus-06\"><\/span>\n    <\/span>\n<\/span>\n<\/h4>\n<div  class=\"qode-accordion-content \" >\n    <div class=\"qode-accordion-content-inner\">\n        [vc_column_text]Los ayuntamientos y las comunidades aut\u00f3nomas de la geograf\u00eda espa\u00f1ola son nuestros socios estrat\u00e9gicos. Colaboramos activamente con las distintas Administraciones P\u00fablicas para que los sistemas de recogida y selecci\u00f3n de residuos de envases sean eficientes, tanto desde el punto de vista econ\u00f3mico como medioambiental.[\/vc_column_text]    <\/div>\n<\/div><\/div>[\/vc_column][\/vc_row][vc_row css_animation=\"\" row_type=\"row\" use_row_as_full_screen_section=\"no\" type=\"grid\" angled_section=\"no\" text_align=\"left\" background_image_as_pattern=\"without_pattern\" z_index=\"\" el_class=\"modulo-3-iconos\"][vc_column css_animation=\"bottom-to-top\" width=\"1\/3\"]<div class=\"image_with_text\"><img itemprop=\"image\" src=\"https:\/\/ecoembes.com\/landing\/informe-anual-2021\/wp-content\/uploads\/2021\/05\/proveedores.svg\" alt=\"Proveedores\" \/><h3 >Proveedores<\/h3><span style=\"margin: 6px 0px;\" class=\"separator transparent\"><\/span><\/div><div class=\"qode-accordion-holder clearfix qode-toggle qode-initial \">\n\t<h4 class=\"clearfix qode-title-holder\">\n<span class=\"qode-tab-title\">\n\t    <span class=\"qode-tab-title-inner\">\n        M\u00e1s informaci\u00f3n    <\/span>\n<\/span>\n<span class=\"qode-accordion-mark\">\n    <span class=\"qode-accordion-mark-icon\">\n        <span class=\"icon_plus\"><\/span>\n        <span class=\"icon_minus-06\"><\/span>\n    <\/span>\n<\/span>\n<\/h4>\n<div  class=\"qode-accordion-content \" >\n    <div class=\"qode-accordion-content-inner\">\n        [vc_column_text]Creemos en un modelo de relaci\u00f3n de respeto, colaboraci\u00f3n y confianza mutuos con nuestros proveedores. Buscamos compa\u00f1eros de viaje s\u00f3lidos y alineados con nuestros valores y objetivos, por lo que aplicamos criterios de selecci\u00f3n objetivos y basados en aspectos t\u00e9cnicos, econ\u00f3micos y de responsabilidad corporativa para su selecci\u00f3n.[\/vc_column_text]    <\/div>\n<\/div><\/div>[\/vc_column][vc_column css_animation=\"bottom-to-top\" width=\"1\/3\"]<div class=\"image_with_text\"><img itemprop=\"image\" src=\"https:\/\/ecoembes.com\/landing\/informe-anual-2021\/wp-content\/uploads\/2021\/05\/personas.svg\" alt=\"Ciudadanos\" \/><h3 >Ciudadanos<\/h3><span style=\"margin: 6px 0px;\" class=\"separator transparent\"><\/span><\/div><div class=\"qode-accordion-holder clearfix qode-toggle qode-initial \">\n\t<h4 class=\"clearfix qode-title-holder\">\n<span class=\"qode-tab-title\">\n\t    <span class=\"qode-tab-title-inner\">\n        M\u00e1s informaci\u00f3n    <\/span>\n<\/span>\n<span class=\"qode-accordion-mark\">\n    <span class=\"qode-accordion-mark-icon\">\n        <span class=\"icon_plus\"><\/span>\n        <span class=\"icon_minus-06\"><\/span>\n    <\/span>\n<\/span>\n<\/h4>\n<div  class=\"qode-accordion-content \" >\n    <div class=\"qode-accordion-content-inner\">\n        [vc_column_text]Son la base de todo. Sin la colaboraci\u00f3n voluntaria y comprometida de los ciudadanos no puede haber reciclaje. Ayudamos a crear una verdadera cultura social del reciclaje a trav\u00e9s de distintas iniciativas y campa\u00f1as de sensibilizaci\u00f3n.[\/vc_column_text]    <\/div>\n<\/div><\/div>[\/vc_column][vc_column css_animation=\"bottom-to-top\" width=\"1\/3\"]<div class=\"image_with_text\"><img itemprop=\"image\" src=\"https:\/\/ecoembes.com\/landing\/informe-anual-2021\/wp-content\/uploads\/2021\/05\/medios.svg\" alt=\"Medios de comunicaci\u00f3n\" \/><h3 >Medios de comunicaci\u00f3n<\/h3><span style=\"margin: 6px 0px;\" class=\"separator transparent\"><\/span><\/div><div class=\"qode-accordion-holder clearfix qode-toggle qode-initial \">\n\t<h4 class=\"clearfix qode-title-holder\">\n<span class=\"qode-tab-title\">\n\t    <span class=\"qode-tab-title-inner\">\n        M\u00e1s informaci\u00f3n    <\/span>\n<\/span>\n<span class=\"qode-accordion-mark\">\n    <span class=\"qode-accordion-mark-icon\">\n        <span class=\"icon_plus\"><\/span>\n        <span class=\"icon_minus-06\"><\/span>\n    <\/span>\n<\/span>\n<\/h4>\n<div  class=\"qode-accordion-content \" >\n    <div class=\"qode-accordion-content-inner\">\n        [vc_column_text]Los medios de comunicaci\u00f3n son un altavoz fundamental para ayudar a lograr una mayor concienciaci\u00f3n medioambiental en Espa\u00f1a. Les informamos de todas nuestras actividades y les proporcionamos la informaci\u00f3n que requieren en un modelo de relaci\u00f3n basado en la transparencia, el inter\u00e9s global y la confianza.[\/vc_column_text]    <\/div>\n<\/div><\/div>[\/vc_column][\/vc_row][vc_row css_animation=\"\" row_type=\"row\" use_row_as_full_screen_section=\"no\" type=\"grid\" angled_section=\"no\" text_align=\"left\" background_image_as_pattern=\"without_pattern\" z_index=\"\" el_class=\"modulo-3-iconos\"][vc_column css_animation=\"bottom-to-top\" width=\"1\/6\"][\/vc_column][vc_column css_animation=\"bottom-to-top\" width=\"2\/3\"]<div class=\"image_with_text\"><img itemprop=\"image\" src=\"https:\/\/ecoembes.com\/landing\/informe-anual-2021\/wp-content\/uploads\/2021\/05\/asosiaciones.svg\" alt=\"Otros grupos de inter\u00e9s\" \/><h3 >Otros grupos de inter\u00e9s<\/h3><span style=\"margin: 6px 0px;\" class=\"separator transparent\"><\/span><\/div><div class=\"qode-accordion-holder clearfix qode-toggle qode-initial \">\n\t<h4 class=\"clearfix qode-title-holder\">\n<span class=\"qode-tab-title\">\n\t    <span class=\"qode-tab-title-inner\">\n        M\u00e1s informaci\u00f3n    <\/span>\n<\/span>\n<span class=\"qode-accordion-mark\">\n    <span class=\"qode-accordion-mark-icon\">\n        <span class=\"icon_plus\"><\/span>\n        <span class=\"icon_minus-06\"><\/span>\n    <\/span>\n<\/span>\n<\/h4>\n<div  class=\"qode-accordion-content \" >\n    <div class=\"qode-accordion-content-inner\">\n        [vc_column_text]<\/p>\n<h6><span style=\"color: #469730;\">GRI <a href=\"https:\/\/ecoembes.com\/landing\/informe-anual-2021\/indice-de-contenidos-gri\/#gri-102-12\" target=\"_blank\" rel=\"noopener\">102-12<\/a>, <a href=\"https:\/\/ecoembes.com\/landing\/informe-anual-2021\/indice-de-contenidos-gri\/#gri-102-13\" target=\"_blank\" rel=\"noopener\">102-13<\/a><\/span><\/h6>\n<p>&nbsp;<\/p>\n<p>Nuestra actividad relacional cubre pr\u00e1cticamente todo el espectro social, y en 2021 ha llevado la voz de Ecoembes a todo tipo de organizaciones, desde ONGs, hasta sindicatos, universidades, partidos pol\u00edticos, senadores y diputados, asociaciones profesionales y empresariales, asociaciones de consumidores, colectivos como los j\u00f3venes o las amas de casa y un sinf\u00edn de entidades y grupos.<\/p>\n<p>&nbsp;<\/p>\n<p>Desde 2021 y hasta 2023, Ecoembes preside EXPRA, la asociaci\u00f3n europea integrada por 26 entidades sin \u00e1nimo de lucro y propiedad privada que coordinan sistemas de gesti\u00f3n de residuos de envases en 24 pa\u00edses.[\/vc_column_text]    <\/div>\n<\/div><\/div>[\/vc_column][vc_column css_animation=\"bottom-to-top\" width=\"1\/6\"][\/vc_column][\/vc_row][vc_row css_animation=\"\" row_type=\"row\" use_row_as_full_screen_section=\"no\" type=\"grid\" angled_section=\"no\" text_align=\"left\" background_image_as_pattern=\"without_pattern\" z_index=\"\" el_class=\"texto-una-columna\"][vc_column css_animation=\"bottom-to-top\"][vc_column_text]<\/p>\n<h4>Un di\u00e1logo continuo<\/h4>\n<p>&nbsp;<\/p>\n<p><span style=\"font-weight: 400;\">Apostamos por el di\u00e1logo, la escucha activa, la colaboraci\u00f3n, la empat\u00eda y la confianza como herramientas para alinear valores, intereses y esfuerzos. Dedicamos mucho tiempo y recursos a conocer a nuestros grupos de inter\u00e9s, a entender sus necesidades y a buscar sinergias para que el sistema siga fluyendo y no se detenga ante ning\u00fan obst\u00e1culo. \u00a0<\/span>[\/vc_column_text][\/vc_column][\/vc_row][vc_row css_animation=\"\" row_type=\"row\" use_row_as_full_screen_section=\"no\" type=\"grid\" angled_section=\"no\" text_align=\"center\" background_image_as_pattern=\"without_pattern\" z_index=\"\"][vc_column css_animation=\"bottom-to-top\"][vc_separator type=\"small\" position=\"center\"]<div class=\"page_share qode_share\"><div class=\"social_share_holder\"><a href=\"javascript:void(0)\" target=\"_self\"><i class=\"icon-basic-share social_share_icon\"><\/i><span class=\"social_share_title\">Share<\/span><\/a><div class=\"social_share_dropdown\"><div class=\"inner_arrow\"><\/div><ul><li class=\"facebook_share\"><a href=\"javascript:void(0)\" onclick=\"window.open('https:\/\/www.facebook.com\/sharer.php?u=https%3A%2F%2Fecoembes.com%2Flanding%2Finforme-anual-2021%2Ftransformacion-circular%2Fnuestro-reto-la-circularidad%2F', 'sharer', 'toolbar=0,status=0,width=620,height=280');\"><i class=\"fa fa-facebook\"><\/i><\/a><\/li><li class=\"twitter_share\"><a href=\"#\" onclick=\"popUp=window.open('https:\/\/twitter.com\/share?status=%5Bvc_row+css_animation%3D%22%22+row_type%3D%22row%22+use_row_as_full_screen_section%3D%22no%22+type%3D%22full_width%22+angled_section%3D%22no%22+https:\/\/ecoembes.com\/landing\/informe-anual-2021\/transformacion-circular\/nuestro-reto-la-circularidad\/', 'popupwindow', 'scrollbars=yes,width=800,height=400');popUp.focus();return false;\"><i class=\"fa fa-twitter\"><\/i><\/a><\/li><li  class=\"linkedin_share\"><a href=\"#\" onclick=\"popUp=window.open('https:\/\/linkedin.com\/shareArticle?mini=true&amp;url=https%3A%2F%2Fecoembes.com%2Flanding%2Finforme-anual-2021%2Ftransformacion-circular%2Fnuestro-reto-la-circularidad%2F&amp;title=Nuestro+reto%3A+la+circularidad', 'popupwindow', 'scrollbars=yes,width=800,height=400');popUp.focus();return false\"><i class=\"fa fa-linkedin\"><\/i><\/a><\/li><\/ul><\/div><\/div><\/div>[\/vc_column][\/vc_row]<\/p>\n","protected":false},"excerpt":{"rendered":"<p>[vc_row css_animation=\"\" row_type=\"row\" use_row_as_full_screen_section=\"no\" type=\"full_width\" angled_section=\"no\" text_align=\"center\" background_image_as_pattern=\"without_pattern\" z_index=\"\"][vc_column][\/vc_column][\/vc_row][vc_row css_animation=\"\" row_type=\"row\" use_row_as_full_screen_section=\"no\" type=\"grid\" angled_section=\"no\" text_align=\"center\" background_image_as_pattern=\"without_pattern\" z_index=\"\" el_class=\"intro-seccion\"][vc_column width=\"1\/6\"][\/vc_column][vc_column css_animation=\"bottom-to-top\" width=\"2\/3\"][vc_column_text] Futuro [\/vc_column_text][vc_column_text] Un esfuerzo com\u00fan por el planeta [\/vc_column_text][vc_column_text] Nos encontramos en un momento trascendental para el futuro del planeta. Los cambios, tanto sociales...<\/p>\n","protected":false},"author":1,"featured_media":0,"parent":140,"menu_order":0,"comment_status":"closed","ping_status":"closed","template":"full_width.php","meta":[],"_links":{"self":[{"href":"https:\/\/ecoembes.com\/landing\/informe-anual-2021\/wp-json\/wp\/v2\/pages\/136"}],"collection":[{"href":"https:\/\/ecoembes.com\/landing\/informe-anual-2021\/wp-json\/wp\/v2\/pages"}],"about":[{"href":"https:\/\/ecoembes.com\/landing\/informe-anual-2021\/wp-json\/wp\/v2\/types\/page"}],"author":[{"embeddable":true,"href":"https:\/\/ecoembes.com\/landing\/informe-anual-2021\/wp-json\/wp\/v2\/users\/1"}],"replies":[{"embeddable":true,"href":"https:\/\/ecoembes.com\/landing\/informe-anual-2021\/wp-json\/wp\/v2\/comments?post=136"}],"version-history":[{"count":278,"href":"https:\/\/ecoembes.com\/landing\/informe-anual-2021\/wp-json\/wp\/v2\/pages\/136\/revisions"}],"predecessor-version":[{"id":2573,"href":"https:\/\/ecoembes.com\/landing\/informe-anual-2021\/wp-json\/wp\/v2\/pages\/136\/revisions\/2573"}],"up":[{"embeddable":true,"href":"https:\/\/ecoembes.com\/landing\/informe-anual-2021\/wp-json\/wp\/v2\/pages\/140"}],"wp:attachment":[{"href":"https:\/\/ecoembes.com\/landing\/informe-anual-2021\/wp-json\/wp\/v2\/media?parent=136"}],"curies":[{"name":"wp","href":"https:\/\/api.w.org\/{rel}","templated":true}]}}